{"id":203,"date":"2024-07-12T09:44:06","date_gmt":"2024-07-12T09:44:06","guid":{"rendered":"https:\/\/waverfeest.nl\/?page_id=203"},"modified":"2024-07-14T16:56:35","modified_gmt":"2024-07-14T16:56:35","slug":"familiedag","status":"publish","type":"page","link":"https:\/\/waverfeest.nl\/?page_id=203","title":{"rendered":"Familiedag"},"content":{"rendered":"<p>[et_pb_section fb_built=&#8221;1&#8243; fullwidth=&#8221;on&#8221; admin_label=&#8221;Header Section&#8221; _builder_version=&#8221;4.25.1&#8243; background_color=&#8221;gcid-e7b9b90c-f09a-44b1-ad43-05881c0142da&#8221; bottom_divider_style=&#8221;ramp&#8221; bottom_divider_color=&#8221;gcid-e7b9b90c-f09a-44b1-ad43-05881c0142da&#8221; bottom_divider_flip=&#8221;horizontal&#8221; global_colors_info=&#8221;{%22gcid-e7b9b90c-f09a-44b1-ad43-05881c0142da%22:%91%22bottom_divider_color%22%93}&#8221;][et_pb_fullwidth_header subhead=&#8221;Familiedag&#8221; text_orientation=&#8221;center&#8221; content_max_width=&#8221;640px&#8221; _builder_version=&#8221;4.25.1&#8243; title_font=&#8221;Oswald|||on|||||&#8221; title_font_size=&#8221;20px&#8221; title_letter_spacing=&#8221;3px&#8221; title_line_height=&#8221;1.5em&#8221; content_font=&#8221;Lora||||||||&#8221; content_font_size=&#8221;22px&#8221; content_line_height=&#8221;2em&#8221; subhead_font=&#8221;Lora|700||||on|||&#8221; subhead_font_size=&#8221;60px&#8221; subhead_line_height=&#8221;1.5em&#8221; background_color=&#8221;gcid-e7b9b90c-f09a-44b1-ad43-05881c0142da&#8221; background_image=&#8221;https:\/\/waverfeest.nl\/wp-content\/uploads\/2024\/06\/IMG_6785-scaled.jpg&#8221; custom_button_one=&#8221;on&#8221; button_one_text_size=&#8221;16px&#8221; button_one_text_color=&#8221;#ffffff&#8221; button_one_bg_color=&#8221;#d29f68&#8243; button_one_border_width=&#8221;15px&#8221; button_one_border_color=&#8221;rgba(210,159,104,0)&#8221; button_one_border_radius=&#8221;100px&#8221; button_one_letter_spacing=&#8221;3px&#8221; button_one_font=&#8221;Oswald|||on|||||&#8221; button_one_use_icon=&#8221;off&#8221; custom_button_two=&#8221;on&#8221; button_two_text_size=&#8221;16px&#8221; button_two_text_color=&#8221;#ffffff&#8221; button_two_bg_color=&#8221;rgba(255,255,255,0.35)&#8221; button_two_border_width=&#8221;15px&#8221; button_two_border_color=&#8221;rgba(0,0,0,0)&#8221; button_two_border_radius=&#8221;100px&#8221; button_two_letter_spacing=&#8221;3px&#8221; button_two_font=&#8221;Oswald|||on|||||&#8221; button_two_use_icon=&#8221;off&#8221; custom_margin=&#8221;|||&#8221; custom_padding=&#8221;90px||90px||true&#8221; animation_style=&#8221;zoom&#8221; animation_duration=&#8221;2000ms&#8221; animation_intensity_zoom=&#8221;4%&#8221; hover_enabled=&#8221;0&#8243; subhead_font_size_tablet=&#8221;&#8221; subhead_font_size_phone=&#8221;50px&#8221; subhead_font_size_last_edited=&#8221;on|desktop&#8221; subhead_text_shadow_style=&#8221;preset2&#8243; subhead_text_shadow_color=&#8221;#E02B20&#8243; text_shadow_style=&#8221;preset3&#8243; text_shadow_horizontal_length=&#8221;-0.1em&#8221; text_shadow_vertical_length=&#8221;0.11em&#8221; text_shadow_blur_strength=&#8221;1.75em&#8221; text_shadow_color=&#8221;#E02B20&#8243; button_one_border_radius_hover=&#8221;100px&#8221; button_one_bg_color_hover=&#8221;#cc8d66&#8243; button_two_bg_color_hover=&#8221;#d29f68&#8243; global_colors_info=&#8221;{%22gcid-e7b9b90c-f09a-44b1-ad43-05881c0142da%22:%91%22background_color%22%93}&#8221; button_one_text_size__hover_enabled=&#8221;off&#8221; button_two_text_size__hover_enabled=&#8221;off&#8221; button_one_text_color__hover_enabled=&#8221;off&#8221; button_two_text_color__hover_enabled=&#8221;off&#8221; button_one_border_width__hover_enabled=&#8221;off&#8221; button_two_border_width__hover_enabled=&#8221;off&#8221; button_one_border_color__hover_enabled=&#8221;off&#8221; button_two_border_color__hover_enabled=&#8221;off&#8221; button_one_border_radius__hover_enabled=&#8221;on&#8221; button_one_border_radius__hover=&#8221;100px&#8221; button_two_border_radius__hover_enabled=&#8221;off&#8221; button_one_letter_spacing__hover_enabled=&#8221;off&#8221; button_two_letter_spacing__hover_enabled=&#8221;off&#8221; button_one_bg_color__hover_enabled=&#8221;on&#8221; button_one_bg_color__hover=&#8221;#cc8d66&#8243; button_two_bg_color__hover_enabled=&#8221;on&#8221; button_two_bg_color__hover=&#8221;#d29f68&#8243; sticky_enabled=&#8221;0&#8243;][\/et_pb_fullwidth_header][\/et_pb_section][et_pb_section fb_built=&#8221;1&#8243; admin_label=&#8221;Blog Section&#8221; _builder_version=&#8221;4.25.1&#8243; background_color=&#8221;gcid-e7b9b90c-f09a-44b1-ad43-05881c0142da&#8221; custom_padding=&#8221;19px||20px||false|false&#8221; bottom_divider_style=&#8221;ramp&#8221; bottom_divider_color=&#8221;#FFFFFF&#8221; hover_enabled=&#8221;0&#8243; global_colors_info=&#8221;{%22gcid-e7b9b90c-f09a-44b1-ad43-05881c0142da%22:%91%22bottom_divider_color%22%93}&#8221; sticky_enabled=&#8221;0&#8243;][et_pb_row _builder_version=&#8221;4.25.1&#8243; _module_preset=&#8221;default&#8221; global_colors_info=&#8221;{}&#8221;][et_pb_column type=&#8221;4_4&#8243; _builder_version=&#8221;4.25.1&#8243; _module_preset=&#8221;default&#8221; global_colors_info=&#8221;{}&#8221;][et_pb_text _builder_version=&#8221;4.16&#8243; text_font=&#8221;Lora||||||||&#8221; text_font_size=&#8221;18px&#8221; text_line_height=&#8221;2em&#8221; header_font=&#8221;||||||||&#8221; header_2_font=&#8221;Lora|700|||||||&#8221; header_2_font_size=&#8221;50px&#8221; header_2_line_height=&#8221;1.5em&#8221; header_5_font=&#8221;Oswald|||on|||||&#8221; header_5_text_color=&#8221;rgba(255,255,255,0.4)&#8221; header_5_font_size=&#8221;20px&#8221; header_5_letter_spacing=&#8221;3px&#8221; header_5_line_height=&#8221;1.7em&#8221; background_layout=&#8221;dark&#8221; max_width=&#8221;600px&#8221; module_alignment=&#8221;center&#8221; text_line_height_last_edited=&#8221;off|desktop&#8221; header_2_font_size_tablet=&#8221;&#8221; header_2_font_size_phone=&#8221;36px&#8221; header_2_font_size_last_edited=&#8221;on|desktop&#8221; global_colors_info=&#8221;{}&#8221;]<\/p>\n<h5>zaterdag<\/h5>\n<h2>Familiedag\u00a0<\/h2>\n<p>Voor ieder wat wils op deze gezellige zaterdag!\u00a0<\/p>\n<p>Vanaf 10.00 uur kun je al terecht op het feestterrein. De hele dag is het Bruin Caf\u00e9 open, en vanaf 12.00 uur opent de Kermis en de snackbar.\u00a0<\/p>\n<p>We hopen jullie te zien op deze super gezellige laatste dag van het Waverfeest!<\/p>\n<p>&nbsp;<\/p>\n<p>[\/et_pb_text][\/et_pb_column][\/et_pb_row][\/et_pb_section][et_pb_section fb_built=&#8221;1&#8243; admin_label=&#8221;About Section&#8221; _builder_version=&#8221;4.25.1&#8243; custom_padding=&#8221;6px|0px|60px|0px|false|false&#8221; animation_style=&#8221;fold&#8221; animation_intensity_fold=&#8221;16%&#8221; global_colors_info=&#8221;{}&#8221;][et_pb_row column_structure=&#8221;1_2,1_2&#8243; use_custom_gutter=&#8221;on&#8221; gutter_width=&#8221;1&#8243; make_equal=&#8221;on&#8221; admin_label=&#8221;Involvements Row&#8221; _builder_version=&#8221;4.25.1&#8243; max_width=&#8221;1280px&#8221; min_height=&#8221;886.2px&#8221; custom_margin=&#8221;|auto|1px|auto||&#8221; custom_padding=&#8221;0px|0px|0|0px|false|false&#8221; animation_style=&#8221;flip&#8221; animation_direction=&#8221;right&#8221; animation_intensity_flip=&#8221;40%&#8221; use_custom_width=&#8221;on&#8221; custom_width_px=&#8221;1280px&#8221; global_colors_info=&#8221;{}&#8221;][et_pb_column type=&#8221;1_2&#8243; _builder_version=&#8221;4.25.1&#8243; background_color=&#8221;#E02B20&#8243; custom_padding=&#8221;80px|5%|80px|5%&#8221; global_colors_info=&#8221;{}&#8221; custom_padding__hover=&#8221;|||&#8221;][et_pb_text admin_label=&#8221;Involvement Title &#038; Description&#8221; _builder_version=&#8221;4.16&#8243; text_font=&#8221;Lora||||||||&#8221; text_font_size=&#8221;18px&#8221; text_line_height=&#8221;2em&#8221; header_font=&#8221;||||||||&#8221; header_2_font=&#8221;||||||||&#8221; header_3_font=&#8221;Lora|700|||||||&#8221; header_3_font_size=&#8221;34px&#8221; header_3_line_height=&#8221;1.5em&#8221; header_5_font=&#8221;Oswald|||on|||||&#8221; header_5_text_color=&#8221;#d29f68&#8243; header_5_letter_spacing=&#8221;3px&#8221; header_5_line_height=&#8221;1.7em&#8221; background_layout=&#8221;dark&#8221; module_alignment=&#8221;center&#8221; min_height=&#8221;421.2px&#8221; custom_margin=&#8221;||30px|&#8221; custom_padding=&#8221;||42px|||&#8221; text_line_height_last_edited=&#8221;off|desktop&#8221; global_colors_info=&#8221;{}&#8221;]<\/p>\n<h5>10.00 uur<\/h5>\n<h3>Oldtimers<\/h3>\n<div class=\"x11i5rnm xat24cr x1mh8g0r x1vvkbs xtlvy1s x126k92a\">\n<div dir=\"auto\">\n<p>Het is een jarenlange traditie: de Waverfeest Oldtimer show. We roepen iedere trotse bezitter van een oldtimer auto, tractor, motor, brommer, fiets etc. op om zijn of haar trots te komen showen. Als er maar wielen onder zitten en het is een oldtimer ben je van harte welkom. Op zaterdag vanaf 09.30 uur kun je je voertuig het veld op rijden. Om 10.00 uur gaat de show van start. Wees welkom en geniet van al het moois! Natuurlijk is het Bruin Caf\u00e9 open voor koffie.<\/p>\n<\/div>\n<\/div>\n<p>[\/et_pb_text][et_pb_image src=&#8221;https:\/\/waverfeest.nl\/wp-content\/uploads\/2024\/07\/IMG_0310-scaled.jpg&#8221; title_text=&#8221;IMG_0310&#8243; _builder_version=&#8221;4.25.1&#8243; _module_preset=&#8221;default&#8221; global_colors_info=&#8221;{}&#8221;][\/et_pb_image][\/et_pb_column][et_pb_column type=&#8221;1_2&#8243; _builder_version=&#8221;4.16&#8243; custom_padding=&#8221;80px|5%|80px|5%&#8221; global_colors_info=&#8221;{}&#8221; custom_padding__hover=&#8221;|||&#8221;][et_pb_text admin_label=&#8221;Involvement Title &#038; Description&#8221; _builder_version=&#8221;4.16&#8243; text_font=&#8221;Lora||||||||&#8221; text_font_size=&#8221;18px&#8221; text_line_height=&#8221;2em&#8221; header_font=&#8221;||||||||&#8221; header_2_font=&#8221;||||||||&#8221; header_3_font=&#8221;Lora|700|||||||&#8221; header_3_font_size=&#8221;34px&#8221; header_3_line_height=&#8221;1.5em&#8221; header_5_font=&#8221;Oswald|||on|||||&#8221; header_5_text_color=&#8221;#d29f68&#8243; header_5_letter_spacing=&#8221;3px&#8221; header_5_line_height=&#8221;1.7em&#8221; module_alignment=&#8221;center&#8221; custom_margin=&#8221;||30px|&#8221; custom_padding=&#8221;||42px|||&#8221; text_line_height_last_edited=&#8221;off|desktop&#8221; locked=&#8221;off&#8221; global_colors_info=&#8221;{}&#8221;]<\/p>\n<h5>10.00 uur<\/h5>\n<h3>Rommelmarkt<\/h3>\n<div class=\"x11i5rnm xat24cr x1mh8g0r x1vvkbs xtlvy1s x126k92a\">\n<div dir=\"auto\">Ruim je zolder en schuur eens op en bied je vintage en nog goed bruikbare spullen aan. Wij zorgen voor kramen en gezelligheid. De kraamhuur is \u20ac 5,- per kraam. Op = op, de kramen zijn niet vooraf te reserveren, dus wees er op tijd bij. Vanaf 09.30 uur kunnen de waren uitgestald worden. Iedereen die zin heeft is welkom; jong en oud. Tweedehands of nieuw, alles mag zolang het nog heel en bruikbaar is. Verkoop start om 10.00 uur. Neem wel weer alle niet verkochte spullen mee naar huis.<\/div>\n<\/div>\n<p>[\/et_pb_text][et_pb_image src=&#8221;https:\/\/waverfeest.nl\/wp-content\/uploads\/2024\/07\/P1140279-scaled.jpg&#8221; title_text=&#8221;P1140279&#8243; _builder_version=&#8221;4.25.1&#8243; _module_preset=&#8221;default&#8221; global_colors_info=&#8221;{}&#8221;][\/et_pb_image][\/et_pb_column][\/et_pb_row][et_pb_row column_structure=&#8221;1_2,1_2&#8243; use_custom_gutter=&#8221;on&#8221; gutter_width=&#8221;1&#8243; disabled_on=&#8221;off|off|off&#8221; admin_label=&#8221;Involvements Row&#8221; _builder_version=&#8221;4.25.1&#8243; background_color=&#8221;#FFFFFF&#8221; max_width=&#8221;1280px&#8221; min_height=&#8221;747.2px&#8221; custom_margin=&#8221;|||&#8221; custom_padding=&#8221;0px|0px|0|0px|false|false&#8221; animation_style=&#8221;flip&#8221; animation_direction=&#8221;left&#8221; animation_intensity_flip=&#8221;40%&#8221; use_custom_width=&#8221;on&#8221; custom_width_px=&#8221;1280px&#8221; global_colors_info=&#8221;{}&#8221;][et_pb_column type=&#8221;1_2&#8243; _builder_version=&#8221;4.16&#8243; custom_padding=&#8221;80px|5%|80px|5%&#8221; global_colors_info=&#8221;{}&#8221; custom_padding__hover=&#8221;|||&#8221;][et_pb_text admin_label=&#8221;Involvement Title &#038; Description&#8221; _builder_version=&#8221;4.16&#8243; text_font=&#8221;Lora||||||||&#8221; text_font_size=&#8221;18px&#8221; text_line_height=&#8221;2em&#8221; ul_font=&#8221;||||||||&#8221; ol_font=&#8221;||||||||&#8221; header_font=&#8221;||||||||&#8221; header_2_font=&#8221;||||||||&#8221; header_3_font=&#8221;Lora|700|||||||&#8221; header_3_font_size=&#8221;34px&#8221; header_3_line_height=&#8221;1.5em&#8221; header_4_font=&#8221;||||||||&#8221; header_5_font=&#8221;Oswald|||on|||||&#8221; header_5_text_color=&#8221;#d29f68&#8243; header_5_letter_spacing=&#8221;3px&#8221; header_5_line_height=&#8221;1.7em&#8221; header_6_font=&#8221;||||||||&#8221; module_alignment=&#8221;center&#8221; custom_margin=&#8221;||61px|||&#8221; animation_style=&#8221;fade&#8221; animation_delay=&#8221;100ms&#8221; text_line_height_last_edited=&#8221;off|desktop&#8221; locked=&#8221;off&#8221; global_colors_info=&#8221;{}&#8221;]<\/p>\n<h5>12.00 uur<\/h5>\n<h3>Heel de Waver Bakt<\/h3>\n<div class=\"x11i5rnm xat24cr x1mh8g0r x1vvkbs xtlvy1s x126k92a\">\n<div dir=\"auto\">Om 12.00 uur wordt het spannend, aangezien de taarten voor de 4e editie van Heel de Waver Bakt dan gepresenteerd kunnen worden. Maak jij de mooiste, lekkerste, of misschien wel gekste taart van de Waver en omstreken? Meld je dan met je taart op zaterdag 10 augustus om 12.00 uur bij het Bruin Caf\u00e9. Om 12.15 begint bakker Jacqueline Out met de keuring van de taarten. Na de prijsuitreiking snijden de thuisbakkers hun eigen taart aan (neem je eigen mes mee), en kan iedereen een stukje proeven. We hopen op veel deelnemers!<\/div>\n<\/div>\n<p>[\/et_pb_text][et_pb_image src=&#8221;https:\/\/waverfeest.nl\/wp-content\/uploads\/2024\/06\/P1160539-scaled.jpg&#8221; title_text=&#8221;P1160539&#8243; _builder_version=&#8221;4.25.1&#8243; _module_preset=&#8221;default&#8221; global_colors_info=&#8221;{}&#8221;][\/et_pb_image][\/et_pb_column][et_pb_column type=&#8221;1_2&#8243; _builder_version=&#8221;4.25.1&#8243; background_color=&#8221;#e09491&#8243; custom_padding=&#8221;80px|5%|80px|5%&#8221; global_colors_info=&#8221;{}&#8221; custom_padding__hover=&#8221;|||&#8221;][et_pb_text admin_label=&#8221;Involvement Title &#038; Description&#8221; _builder_version=&#8221;4.16&#8243; text_font=&#8221;Lora||||||||&#8221; text_font_size=&#8221;18px&#8221; text_line_height=&#8221;2em&#8221; header_font=&#8221;||||||||&#8221; header_2_font=&#8221;||||||||&#8221; header_3_font=&#8221;Lora|700|||||||&#8221; header_3_font_size=&#8221;34px&#8221; header_3_line_height=&#8221;1.5em&#8221; header_5_font=&#8221;Oswald|||on|||||&#8221; header_5_text_color=&#8221;rgba(255,255,255,0.4)&#8221; header_5_letter_spacing=&#8221;3px&#8221; header_5_line_height=&#8221;1.7em&#8221; background_layout=&#8221;dark&#8221; module_alignment=&#8221;center&#8221; custom_margin=&#8221;||30px|&#8221; text_line_height_last_edited=&#8221;off|desktop&#8221; global_colors_info=&#8221;{}&#8221;]<\/p>\n<h5>13.00 uur<\/h5>\n<h3>Kuilbanden Gooien<\/h3>\n<div dir=\"auto\">Alle spierballen verzamelen! De 10e editie van de gezellige toernooi Kuilbanden Gooien. Maak een heren- of damesteam van 4 personen en probeer de band zover mogelijk te gooien. Een draai, een slinger, uit stilstand of juist niet; allerlei technieken worden uit de kast gehaald. De paalworp levert je een extra prijs op. Van alle teamleden worden de gegooide meters geteld, en het team met de meeste meters wint. Ook worden er individuele prijzen uitgedeeld. Deelnemers kunnen zich zaterdag inschrijven vanaf 12.00 uur. Om 13.00 uur gaat het eerste team van start.<\/div>\n<div dir=\"auto\"><\/div>\n<p>[\/et_pb_text][et_pb_image src=&#8221;https:\/\/waverfeest.nl\/wp-content\/uploads\/2024\/06\/IMG_6935-scaled.jpg&#8221; title_text=&#8221;IMG_6935&#8243; _builder_version=&#8221;4.25.1&#8243; _module_preset=&#8221;default&#8221; global_colors_info=&#8221;{}&#8221;][\/et_pb_image][\/et_pb_column][\/et_pb_row][et_pb_row column_structure=&#8221;1_2,1_2&#8243; use_custom_gutter=&#8221;on&#8221; gutter_width=&#8221;1&#8243; make_equal=&#8221;on&#8221; admin_label=&#8221;Involvements Row&#8221; _builder_version=&#8221;4.25.1&#8243; max_width=&#8221;1280px&#8221; custom_margin=&#8221;|||&#8221; custom_padding=&#8221;0px|0px|0|0px|false|false&#8221; animation_style=&#8221;flip&#8221; animation_direction=&#8221;right&#8221; animation_intensity_flip=&#8221;40%&#8221; use_custom_width=&#8221;on&#8221; custom_width_px=&#8221;1280px&#8221; global_colors_info=&#8221;{}&#8221;][et_pb_column type=&#8221;1_2&#8243; _builder_version=&#8221;4.25.1&#8243; background_color=&#8221;#E02B20&#8243; custom_padding=&#8221;80px|5%|80px|5%&#8221; global_colors_info=&#8221;{}&#8221; custom_padding__hover=&#8221;|||&#8221;][et_pb_text admin_label=&#8221;Involvement Title &#038; Description&#8221; _builder_version=&#8221;4.16&#8243; text_font=&#8221;Lora||||||||&#8221; text_font_size=&#8221;18px&#8221; text_line_height=&#8221;2em&#8221; header_font=&#8221;||||||||&#8221; header_2_font=&#8221;||||||||&#8221; header_3_font=&#8221;Lora|700|||||||&#8221; header_3_font_size=&#8221;34px&#8221; header_3_line_height=&#8221;1.5em&#8221; header_5_font=&#8221;Oswald|||on|||||&#8221; header_5_text_color=&#8221;#d29f68&#8243; header_5_letter_spacing=&#8221;3px&#8221; header_5_line_height=&#8221;1.7em&#8221; background_layout=&#8221;dark&#8221; module_alignment=&#8221;center&#8221; custom_margin=&#8221;||30px|&#8221; text_line_height_last_edited=&#8221;off|desktop&#8221; global_colors_info=&#8221;{}&#8221;]<\/p>\n<h5>15.00 uur<\/h5>\n<h3>Tobbetjesteken<\/h3>\n<div class=\"x11i5rnm xat24cr x1mh8g0r x1vvkbs xtlvy1s x126k92a\">\n<div dir=\"auto\">\n<div class=\"x11i5rnm xat24cr x1mh8g0r x1vvkbs xtlvy1s x126k92a\">\n<div dir=\"auto\"><\/div>\n<\/div>\n<div class=\"x11i5rnm xat24cr x1mh8g0r x1vvkbs xtlvy1s x126k92a\"><\/div>\n<div class=\"x11i5rnm xat24cr x1mh8g0r x1vvkbs xtlvy1s x126k92a\">\n<div dir=\"auto\"><\/div>\n<div dir=\"auto\">Om 15.00 uur start traditiegetrouw het Tobbetjesteken. Het is eigenlijk heel simpel: Je stapt op het karretje die onder een emmer met water door rijdt. En terwijl dit karretje naar beneden sjeest, prik je de lange stok in het gat wat onder de emmer zit. Toch klinkt dit makkelijker dan gedacht, dus de kans op een nat pak is zeker aanwezig. Het is een afvalrace, moge de beste winnen! Minimum leeftijd om deel te nemen is 14 jaar, en de kosten zijn \u20ac5,00 per persoon. Maar kijken en\u00a0 aanmoedigen kan natuurlijk iedereen!<\/div>\n<div dir=\"auto\"><\/div>\n<div dir=\"auto\"><\/div>\n<div dir=\"auto\"><\/div>\n<div dir=\"auto\"><\/div>\n<div dir=\"auto\"><\/div>\n<\/div>\n<\/div>\n<\/div>\n<p>[\/et_pb_text][et_pb_image src=&#8221;https:\/\/waverfeest.nl\/wp-content\/uploads\/2024\/07\/P1140752-scaled-e1720962293491.jpg&#8221; title_text=&#8221;P1140752&#8243; _builder_version=&#8221;4.25.1&#8243; _module_preset=&#8221;default&#8221; global_colors_info=&#8221;{}&#8221;][\/et_pb_image][\/et_pb_column][et_pb_column type=&#8221;1_2&#8243; _builder_version=&#8221;4.16&#8243; custom_padding=&#8221;80px|5%|80px|5%&#8221; global_colors_info=&#8221;{}&#8221; custom_padding__hover=&#8221;|||&#8221;][et_pb_text admin_label=&#8221;Involvement Title &#038; Description&#8221; _builder_version=&#8221;4.16&#8243; text_font=&#8221;Lora||||||||&#8221; text_font_size=&#8221;18px&#8221; text_line_height=&#8221;2em&#8221; header_font=&#8221;||||||||&#8221; header_2_font=&#8221;||||||||&#8221; header_3_font=&#8221;Lora|700|||||||&#8221; header_3_font_size=&#8221;34px&#8221; header_3_line_height=&#8221;1.5em&#8221; header_5_font=&#8221;Oswald|||on|||||&#8221; header_5_text_color=&#8221;#d29f68&#8243; header_5_letter_spacing=&#8221;3px&#8221; header_5_line_height=&#8221;1.7em&#8221; module_alignment=&#8221;center&#8221; custom_margin=&#8221;||30px|&#8221; custom_padding=&#8221;||105px|||&#8221; text_line_height_last_edited=&#8221;off|desktop&#8221; locked=&#8221;off&#8221; global_colors_info=&#8221;{}&#8221;]<\/p>\n<h5>Hele dag open<\/h5>\n<h3>Bruin Caf\u00e9 en Feesttent<\/h3>\n<div class=\"x11i5rnm xat24cr x1mh8g0r x1vvkbs xtlvy1s x126k92a\">\n<div dir=\"auto\">\n<div class=\"x11i5rnm xat24cr x1mh8g0r x1vvkbs xtlvy1s x126k92a\">\n<div dir=\"auto\">\n<div class=\"x11i5rnm xat24cr x1mh8g0r x1vvkbs xtlvy1s x126k92a\">\n<div dir=\"auto\">Tijdens alle activiteiten is het goed toeven in het Bruin Caf\u00e9 en op het terras. Na de prijsuitreikingen blijven vele buurtgenoten nog lang hangen voor een drankje en een dansje. Een zanger maakt dit nog gezelliger. Het Bruin Caf\u00e9 sluit op het moment dat de Feesttent open gaat, dus je kunt in \u00e9\u00e9n keer door. In de tent komen Confetti Ravers het feestje voortzetten<\/div>\n<\/div>\n<\/div>\n<\/div>\n<\/div>\n<\/div>\n<p>[\/et_pb_text][et_pb_image src=&#8221;https:\/\/waverfeest.nl\/wp-content\/uploads\/2024\/07\/bruin-cafe.png&#8221; title_text=&#8221;bruin cafe&#8221; _builder_version=&#8221;4.25.1&#8243; _module_preset=&#8221;default&#8221; global_colors_info=&#8221;{}&#8221; custom_margin=&#8221;||45px|||&#8221;][\/et_pb_image][et_pb_button button_url=&#8221;https:\/\/waverfeest.nl\/?page_id=194&#8243; button_text=&#8221;Uitslagen&#8221; button_alignment=&#8221;center&#8221; _builder_version=&#8221;4.25.1&#8243; _module_preset=&#8221;default&#8221; animation_style=&#8221;zoom&#8221; box_shadow_style=&#8221;preset1&#8243; box_shadow_color=&#8221;#E02B20&#8243; global_colors_info=&#8221;{}&#8221; theme_builder_area=&#8221;post_content&#8221;][\/et_pb_button][\/et_pb_column][\/et_pb_row][\/et_pb_section]<\/p>\n","protected":false},"excerpt":{"rendered":"<p>zaterdag Familiedag\u00a0 Voor ieder wat wils op deze gezellige zaterdag!\u00a0 Vanaf 10.00 uur kun je al terecht op het feestterrein. De hele dag is het Bruin Caf\u00e9 open, en vanaf 12.00 uur opent de Kermis en de snackbar.\u00a0 We hopen jullie te zien op deze super gezellige laatste dag van het Waverfeest! &nbsp;10.00 uur Oldtimers [&hellip;]<\/p>\n","protected":false},"author":1,"featured_media":0,"parent":0,"menu_order":5,"comment_status":"closed","ping_status":"closed","template":"","meta":{"_et_pb_use_builder":"on","_et_pb_old_content":"","_et_gb_content_width":"","footnotes":""},"class_list":["post-203","page","type-page","status-publish","hentry"],"_links":{"self":[{"href":"https:\/\/waverfeest.nl\/index.php?rest_route=\/wp\/v2\/pages\/203","targetHints":{"allow":["GET"]}}],"collection":[{"href":"https:\/\/waverfeest.nl\/index.php?rest_route=\/wp\/v2\/pages"}],"about":[{"href":"https:\/\/waverfeest.nl\/index.php?rest_route=\/wp\/v2\/types\/page"}],"author":[{"embeddable":true,"href":"https:\/\/waverfeest.nl\/index.php?rest_route=\/wp\/v2\/users\/1"}],"replies":[{"embeddable":true,"href":"https:\/\/waverfeest.nl\/index.php?rest_route=%2Fwp%2Fv2%2Fcomments&post=203"}],"version-history":[{"count":12,"href":"https:\/\/waverfeest.nl\/index.php?rest_route=\/wp\/v2\/pages\/203\/revisions"}],"predecessor-version":[{"id":343,"href":"https:\/\/waverfeest.nl\/index.php?rest_route=\/wp\/v2\/pages\/203\/revisions\/343"}],"wp:attachment":[{"href":"https:\/\/waverfeest.nl\/index.php?rest_route=%2Fwp%2Fv2%2Fmedia&parent=203"}],"curies":[{"name":"wp","href":"https:\/\/api.w.org\/{rel}","templated":true}]}}